

{"id":1004,"date":"2023-05-17T13:05:08","date_gmt":"2023-05-17T11:05:08","guid":{"rendered":"http:\/\/make-wp.inrialpes.fr\/wordpress\/archipel\/?page_id=1004"},"modified":"2024-11-26T00:30:32","modified_gmt":"2024-11-25T23:30:32","slug":"programme-2023","status":"publish","type":"page","link":"https:\/\/archipel.inria.fr\/fr\/programme-2023\/","title":{"rendered":"Programme2023"},"content":{"rendered":"<h1 class=\"has-text-color wp-block-heading\" style=\"color:#62c4dd\">Programme des rencontres 2023<\/h1>\n\n\n\n<figure class=\"wp-block-table\">\n<table class=\"has-white-background-color has-background\">\n<tbody>\n<tr>\n<td>&nbsp;<\/td>\n<td class=\"has-text-align-center\" colspan=\"5\" data-align=\"center\"><strong>Mardi 27 juin<\/strong><\/td>\n<\/tr>\n<tr>\n<td>9h-12h<\/td>\n<td class=\"has-text-align-center\" style=\"background-color: #d6ecfa;\" data-align=\"center\"><a href=\".\/groupe-de-travail-charte\/\" data-wplink-edit=\"true\">Charte Archipel : atelier<\/a><\/td>\n<td class=\"has-text-align-center\" style=\"background-color: #f9c6f4;\">Sant\u00e9 commune<\/td>\n<td class=\"has-text-align-center\" style=\"background-color: #d6ecfa;\" data-align=\"center\">Construire un Mouvement pour les Savoirs Engag\u00e9s et Reli\u00e9s<\/td>\n<td class=\"has-text-align-center\" style=\"background-color: #f9c6f4;\" data-align=\"center\">Le regard de militants Quart Monde sur les sc\u00e9narios Transition(s) 2050 de l\u2019ADEME<\/td>\n<\/tr>\n<tr>\n<td>12h-13h30<\/td>\n<td class=\"has-text-align-center\" colspan=\"5\" data-align=\"center\">Repas : buffet v\u00e9g\u00e9tarien<\/td>\n<\/tr>\n<tr>\n<td>13h30-16h30<\/td>\n<td class=\"has-text-align-center\" style=\"background-color: #d6ecfa;\" data-align=\"center\"><a href=\".\/groupe-de-travail-contre-modelisations\/\">Contre-mod\u00e9lisations (atelier ouvert)<\/a><\/td>\n<td class=\"has-text-align-center\" style=\"background-color: #d6ecfa;\">Sant\u00e9 commune<\/td>\n<td class=\"has-text-align-center\" style=\"background-color: #d6ecfa;\" data-align=\"center\">Le regard de militants Quart Monde sur les sc\u00e9narios Transition(s) 2050 de l\u2019ADEME (atelier ouvert)<\/td>\n<td class=\"has-text-align-center\" style=\"background-color: #f9c6f4;\" data-align=\"center\"><a href=\".\/groupe-de-travail-changements\/\">Alternatives sociotechniques dans une perspective de transformation radicale<\/a><\/td>\n<\/tr>\n<tr>\n<td>16h45-18h<\/td>\n<td class=\"has-text-align-center\" style=\"background-color: #abf7d9;\" colspan=\"5\" data-align=\"center\">Pl\u00e9ni\u00e8re : charte Archipel<\/td>\n<\/tr>\n<tr>\n<td>Soir\u00e9e<\/td>\n<td class=\"has-text-align-center\" colspan=\"5\" data-align=\"center\">Pot de fin de journ\u00e9e<\/td>\n<\/tr>\n<\/tbody>\n<\/table>\n<\/figure>\n\n\n\n<figure class=\"wp-block-table\">\n<table>\n<tbody>\n<tr>\n<td>&nbsp;<\/td>\n<td class=\"has-text-align-center\" colspan=\"5\" data-align=\"center\"><strong>Mercredi 28 juin<\/strong><\/td>\n<\/tr>\n<tr>\n<td>9h-12h<\/td>\n<td class=\"has-text-align-center\" style=\"background-color: #d6ecfa;\" data-align=\"center\">Sant\u00e9 commune<\/td>\n<td class=\"has-text-align-center\" style=\"background-color: #f9c6f4;\" data-align=\"center\"><a href=\".\/groupe-de-travail-contre-modelisations\/\" data-wplink-edit=\"true\">Contre-mod\u00e9lisations (r\u00e9flexion interne au GT pour 2023-2024)<\/a><\/td>\n<td class=\"has-text-align-center\" style=\"background-color: #d6ecfa;\" data-align=\"center\">Sobri\u00e9t\u00e9<\/td>\n<td class=\"has-text-align-center\" style=\"background-color: #d6ecfa;\" data-align=\"center\"><a href=\".\/groupe-de-travail-changements\/\">Alternatives sociotechniques dans une perspective de transformation radicale<\/a><\/td>\n<td class=\"has-text-align-center\" style=\"background-color: #d6ecfa;\" data-align=\"center\"><a href=\".\/groupe-de-travail-saad\/\">Syst\u00e8mes agro-alimentaires<\/a><\/td>\n<\/tr>\n<tr>\n<td>12h-13h30<\/td>\n<td class=\"has-text-align-center\" colspan=\"5\" data-align=\"center\">Repas : buffet v\u00e9g\u00e9tarien<\/td>\n<\/tr>\n<tr>\n<td>13h30-16h<\/td>\n<td class=\"has-text-align-center\" style=\"background-color: #abf7d9;\" colspan=\"5\" data-align=\"center\"><a href=\".\/groupe-de-travail-sur-la-neutralite-de-la-science\/\">Pl\u00e9ni\u00e8re : scientifiques et engagement<\/a><\/td>\n<\/tr>\n<\/tbody>\n<\/table>\n<\/figure>\n\n\n\n<h3 class=\"wp-block-heading has-text-color\" style=\"color:#62c4dd\">L\u00e9gende<\/h3>\n\n\n\n<ul class=\"has-background wp-block-list\" style=\"background-color:#f9c6f4\"><li>Fond rose : atelier r\u00e9serv\u00e9 aux coll\u00e8gues qui ont d\u00e9j\u00e0 particip\u00e9 au groupe de travail<\/li><\/ul>\n\n\n\n<ul class=\"has-background wp-block-list\" style=\"background-color:#d6ecfa\"><li>Fond bleu : atelier ouvert \u00e0 tou\u00b7te\u00b7s les participant\u00b7es<\/li><\/ul>\n\n\n\n<ul class=\"has-background wp-block-list\" style=\"background-color:#abf7d9\"><li>Fond vert : session pl\u00e9ni\u00e8re<\/li><\/ul>","protected":false},"excerpt":{"rendered":"<p>Programme des rencontres 2023 &nbsp; Mardi 27 juin 9h-12h Charte Archipel : atelier Sant\u00e9 commune Construire un Mouvement pour les Savoirs Engag\u00e9s et Reli\u00e9s Le regard de militants Quart Monde sur les sc\u00e9narios Transition(s) 2050 de l\u2019ADEME 12h-13h30 Repas : buffet v\u00e9g\u00e9tarien 13h30-16h30 Contre-mod\u00e9lisations (atelier ouvert) Sant\u00e9 commune Le regard\u2026<\/p>\n<p> <a class=\"continue-reading-link\" href=\"https:\/\/archipel.inria.fr\/fr\/programme-2023\/\"><span>Continue reading<\/span><i class=\"crycon-right-dir\"><\/i><\/a> <\/p>\n","protected":false},"author":320,"featured_media":0,"parent":0,"menu_order":0,"comment_status":"closed","ping_status":"closed","template":"","meta":{"footnotes":""},"class_list":["post-1004","page","type-page","status-publish","hentry"],"_links":{"self":[{"href":"https:\/\/archipel.inria.fr\/fr\/wp-json\/wp\/v2\/pages\/1004","targetHints":{"allow":["GET"]}}],"collection":[{"href":"https:\/\/archipel.inria.fr\/fr\/wp-json\/wp\/v2\/pages"}],"about":[{"href":"https:\/\/archipel.inria.fr\/fr\/wp-json\/wp\/v2\/types\/page"}],"author":[{"embeddable":true,"href":"https:\/\/archipel.inria.fr\/fr\/wp-json\/wp\/v2\/users\/320"}],"replies":[{"embeddable":true,"href":"https:\/\/archipel.inria.fr\/fr\/wp-json\/wp\/v2\/comments?post=1004"}],"version-history":[{"count":7,"href":"https:\/\/archipel.inria.fr\/fr\/wp-json\/wp\/v2\/pages\/1004\/revisions"}],"predecessor-version":[{"id":1230,"href":"https:\/\/archipel.inria.fr\/fr\/wp-json\/wp\/v2\/pages\/1004\/revisions\/1230"}],"wp:attachment":[{"href":"https:\/\/archipel.inria.fr\/fr\/wp-json\/wp\/v2\/media?parent=1004"}],"curies":[{"name":"wp","href":"https:\/\/api.w.org\/{rel}","templated":true}]}}