

{"id":124,"date":"2021-06-09T10:34:59","date_gmt":"2021-06-09T08:34:59","guid":{"rendered":"http:\/\/make-wp.inrialpes.fr\/wordpress\/oasis\/?page_id=124"},"modified":"2024-11-27T15:54:24","modified_gmt":"2024-11-27T14:54:24","slug":"committee","status":"publish","type":"page","link":"https:\/\/archipel.inria.fr\/fr\/committee\/","title":{"rendered":"Comit\u00e9s de la conf\u00e9rence Archipel 2022"},"content":{"rendered":"<h2 class=\"wp-block-heading has-text-color\" style=\"color:#62c4dd\">Comit\u00e9s de la conf\u00e9rence Archipel 2022<\/h2>\n\n\n\n<h3 class=\"wp-block-heading has-text-color\" style=\"color:#62c4dd\">Comit\u00e9 de lecture et de programme<\/h3>\n\n\n\n<ul class=\"wp-block-list\"><li>Genevi\u00e8ve Azam, <a href=\"https:\/\/lisst.univ-tlse2.fr\/\">Laboratoire Dynamiques Rurales<\/a>, Universit\u00e9 Toulouse II<\/li><li>Ugo Bardi, <a href=\"https:\/\/www.dst.unifi.it\/\">Dipartimento di Scienze della Terra<\/a>, Universit\u00e0 degli Studi di Firenze<\/li><li>Fran\u00e7oise Berthoud, <a href=\"https:\/\/gricad.univ-grenoble-alpes.fr\/\">UMS GRICAD<\/a>, Universit\u00e9 Grenoble Alpes<\/li><li>Marc Chesney, <a href=\"https:\/\/www.sustainablefinance.uzh.ch\">Centre de Comp\u00e9tence en Finance Durable<\/a>, Universit\u00e9 de Z\u00fcrich<\/li><li>Val\u00e9rie D\u2019Acremont, <a href=\"https:\/\/www.unisante.fr\/\">Unisant\u00e9<\/a> et <a href=\"http:\/\/www.unil.ch\">Universit\u00e9 de Lausanne<\/a><\/li><li>Malcom Ferdinand, <a href=\"https:\/\/irisso.dauphine.fr\/\">Institut de Recherche Interdisciplinaire en Sciences Sociales<\/a>, CNRS<\/li><li>Nils Ferrand, <a href=\"http:\/\/www.g-eau.fr\/\">Laboratoire G-eau<\/a>, INRAE<\/li><li>Anne-Laure Foug\u00e8res, <a href=\"http:\/\/math.univ-lyon1.fr\/\">Institut Camille Jordan<\/a>, Universit\u00e9 Lyon 1<\/li><li>Fran\u00e7ois Gemenne, <a href=\"https:\/\/www.hugo.uliege.be\">Observatoire Hugo<\/a>, Universit\u00e9 de Li\u00e8ge<\/li><li>Ga\u00ebl Giraud, <a href=\"https:\/\/environmentaljustice.georgetown.edu\">Environmental Justice Program<\/a>, Georgetown University<\/li><li>Natacha Gondran, <a href=\"https:\/\/umr5600.cnrs.fr\/fr\/accueil\/\">Environnement, Ville, Soci\u00e9t\u00e9<\/a>, \u00c9cole des Mines de Saint-\u00c9tienne<\/li><li>Annabelle Haudry, <a href=\"https:\/\/lbbe-web.univ-lyon1.fr\/fr\">Laboratoire de Biom\u00e9trie et de Biologie \u00c9volutive<\/a>, Universit\u00e9 Claude Bernard Lyon 1<\/li><li>Jean-Michel Hup\u00e9, <a href=\"http:\/\/cerco.cnrs.fr\/\">Centre de Recherche Cerveau et Cognition<\/a>, CNRS<\/li><li>Jean-Paul L\u00e9na <a href=\"https:\/\/umr5023.univ-lyon1.fr\/annuaire\/details\/1\/43-lena-jean-paul\">Laboratoire LEHNA<\/a>, Universit\u00e9 Claude Bernard Lyon 1<\/li><li>Pierre-Yves Longaretti, <a href=\"https:\/\/files.inria.fr\/steep\/\">\u00c9quipe STEEP<\/a>, CNRS<\/li><li>Ang\u00e9lique Palle, <a href=\"https:\/\/www.irsem.fr\/\">Institut de Recherche Strat\u00e9gique de l\u2019Ecole Militaire<\/a>, IRSEM<\/li><li>No\u00e9mie Rebi\u00e8re, <a href=\"https:\/\/www.univ-paris8.fr\/Institut-francais-de-geopolitique-IFG\">Institut Fran\u00e7ais de G\u00e9opolitique<\/a>, Universit\u00e9 Paris 8<\/li><li>Julia Steinberger, <a href=\"https:\/\/www3.unil.ch\/annuaire\/browse\/person\/cn=Julia%20Steinberger,%20ou=Institut%20de%20g%C3%A9ographie%20et%20durabilit%C3%A9,%20ou=Facult%C3%A9%20des%20g%C3%A9osciences%20et%20de%20l'environnement,%20o=Universite%20de%20Lausanne,%20c=ch?query=Julia+Steinberger\">Institut de g\u00e9ographie et durabilit\u00e9<\/a>, Universit\u00e9 de Lausanne<\/li><li>Sophie Wahnich, <a href=\"http:\/\/www.iiac.cnrs.fr\">Institut interdisciplinaire d\u2019anthropologie du contemporain<\/a>, CNRS<\/li><\/ul>\n\n\n\n<h3 class=\"wp-block-heading has-text-color\" style=\"color:#62c4dd\">Comit\u00e9 de pilotage<\/h3>\n\n\n\n<ul class=\"wp-block-list\"><li>Mathilde Boissier, <a href=\"https:\/\/files.inria.fr\/steep\/\">\u00c9quipe STEEP<\/a>, INRIA<\/li><li>Louis Delannoy, <a href=\"https:\/\/files.inria.fr\/steep\/\">\u00c9quipe STEEP<\/a>, INRIA<\/li><li>Denis Dupr\u00e9, <a href=\"https:\/\/files.inria.fr\/steep\/\">\u00c9quipe STEEP<\/a>, Universit\u00e9 Grenoble Alpes<\/li><li>Serge Fenet, <a href=\"https:\/\/files.inria.fr\/steep\/\">\u00c9quipe STEEP<\/a>, Universit\u00e9 Lyon 1<\/li><li>Mathieu Mangeot, <a href=\"https:\/\/files.inria.fr\/steep\/\">\u00c9quipe STEEP<\/a>, Universit\u00e9 Savoie Mont Blanc<\/li><li>Emmanuel Prados, <a href=\"https:\/\/files.inria.fr\/steep\/\">\u00c9quipe STEEP<\/a>, INRIA<\/li><\/ul>\n\n\n\n<h3 class=\"wp-block-heading has-text-color\" style=\"color:#62c4dd\">Comit\u00e9 d&rsquo;organisation<\/h3>\n\n\n\n<ul class=\"wp-block-list\"><li>Jean-Yves Courtonne, <a href=\"https:\/\/files.inria.fr\/steep\/\">\u00c9quipe STEEP<\/a>, INRIA<\/li><li>Marie-Anne Dauphin, <a href=\"https:\/\/files.inria.fr\/steep\/\">\u00c9quipe STEEP<\/a>, INRIA<\/li><li>Guillaume Mandil, <a href=\"https:\/\/files.inria.fr\/steep\/\">\u00c9quipe STEEP<\/a>, Universit\u00e9 Grenoble-Alpes<\/li><li>R\u00e9gis Perrier, <a href=\"https:\/\/files.inria.fr\/steep\/\">\u00c9quipe STEEP<\/a>, Universit\u00e9 Grenoble-Alpes<\/li><li>Peter Sturm, <a href=\"https:\/\/files.inria.fr\/steep\/\">\u00c9quipe STEEP<\/a>, INRIA<\/li><\/ul>","protected":false},"excerpt":{"rendered":"<p>Comit\u00e9s de la conf\u00e9rence Archipel 2022 Comit\u00e9 de lecture et de programme Genevi\u00e8ve Azam, Laboratoire Dynamiques Rurales, Universit\u00e9 Toulouse II Ugo Bardi, Dipartimento di Scienze della Terra, Universit\u00e0 degli Studi di Firenze Fran\u00e7oise Berthoud, UMS GRICAD, Universit\u00e9 Grenoble Alpes Marc Chesney, Centre de Comp\u00e9tence en Finance Durable, Universit\u00e9 de Z\u00fcrich\u2026<\/p>\n<p> <a class=\"continue-reading-link\" href=\"https:\/\/archipel.inria.fr\/fr\/committee\/\"><span>Continue reading<\/span><i class=\"crycon-right-dir\"><\/i><\/a> <\/p>\n","protected":false},"author":320,"featured_media":0,"parent":0,"menu_order":0,"comment_status":"closed","ping_status":"closed","template":"","meta":{"footnotes":""},"class_list":["post-124","page","type-page","status-publish","hentry"],"_links":{"self":[{"href":"https:\/\/archipel.inria.fr\/fr\/wp-json\/wp\/v2\/pages\/124","targetHints":{"allow":["GET"]}}],"collection":[{"href":"https:\/\/archipel.inria.fr\/fr\/wp-json\/wp\/v2\/pages"}],"about":[{"href":"https:\/\/archipel.inria.fr\/fr\/wp-json\/wp\/v2\/types\/page"}],"author":[{"embeddable":true,"href":"https:\/\/archipel.inria.fr\/fr\/wp-json\/wp\/v2\/users\/320"}],"replies":[{"embeddable":true,"href":"https:\/\/archipel.inria.fr\/fr\/wp-json\/wp\/v2\/comments?post=124"}],"version-history":[{"count":2,"href":"https:\/\/archipel.inria.fr\/fr\/wp-json\/wp\/v2\/pages\/124\/revisions"}],"predecessor-version":[{"id":1371,"href":"https:\/\/archipel.inria.fr\/fr\/wp-json\/wp\/v2\/pages\/124\/revisions\/1371"}],"wp:attachment":[{"href":"https:\/\/archipel.inria.fr\/fr\/wp-json\/wp\/v2\/media?parent=124"}],"curies":[{"name":"wp","href":"https:\/\/api.w.org\/{rel}","templated":true}]}}