

{"id":527,"date":"2022-04-20T15:59:12","date_gmt":"2022-04-20T13:59:12","guid":{"rendered":"http:\/\/make-wp.inrialpes.fr\/wordpress\/archipel\/?page_id=527"},"modified":"2024-11-27T13:49:32","modified_gmt":"2024-11-27T12:49:32","slug":"symposium-methodologies-pour-la-systemique","status":"publish","type":"page","link":"https:\/\/archipel.inria.fr\/fr\/programme-2022\/symposium-methodologies-pour-la-systemique\/","title":{"rendered":"Symposium M\u00e9thodologies pour la syst\u00e9mique"},"content":{"rendered":"<h1 class=\"has-text-color wp-block-heading\" style=\"color:#62c4dd\">Symposium M\u00e9thodologies pour la syst\u00e9mique<\/h1>\n\n\n\n<h2 class=\"has-text-color wp-block-heading\" style=\"color:#62c4dd\">R\u00e9sum\u00e9<\/h2>\n\n\n\n<p>La recherche scientifique n&rsquo;\u00e9chappe pas \u00e0 la logique de la division du travail. Cette derni\u00e8re tend \u00e0 condamner le chercheur \u00e0 l&rsquo;ultra-sp\u00e9cialisation, et participe au cloisonnement disciplinaire. Par ailleurs, le r\u00e9ductionnisme, qui domine la pens\u00e9e scientifique et dont on conna\u00eet les succ\u00e8s notamment en physique, trouve ses limites dans l&rsquo;\u00e9tude des syst\u00e8mes complexes o\u00f9 une grande vari\u00e9t\u00e9 de processus et d&rsquo;agents interagissent \u00e0 diff\u00e9rentes \u00e9chelles spatiales et temporelles. La recherche scientifique g\u00e9n\u00e9ralement pratiqu\u00e9e aujourd&rsquo;hui serait donc inadapt\u00e9e aux probl\u00e8mes socio-environnementaux auxquels nos soci\u00e9t\u00e9s font actuellement face.&nbsp;Les approches syst\u00e9miques sont issues de l&rsquo;id\u00e9e que les propri\u00e9t\u00e9s d&rsquo;un syst\u00e8me complexe ne se d\u00e9duisent pas simplement de la connaissance de ses parties, et qu&rsquo;elles s&rsquo;identifient et se comprennent directement au niveau o\u00f9 elles \u00e9mergent. En syst\u00e9mique, la compr\u00e9hension de la structure des interactions importe autant (voire plus) que celle des constituants du syst\u00e8me. Les approches syst\u00e9miques tendent aussi \u00e0 multiplier les points de vue en mobilisant des branches de la connaissances issues de diff\u00e9rentes disciplines, en les faisant dialoguer, voire en d\u00e9veloppant de nouveaux savoirs transdisciplinaires.&nbsp;La syst\u00e9mique reste un exercice d\u00e9licat, d&rsquo;autant plus qu&rsquo;elle va \u00e0 l&rsquo;encontre de la fa\u00e7on dont la recherche et les institutions sont structur\u00e9es. Elle soul\u00e8ve des questions tant m\u00e9thodologiques qu&rsquo;\u00e9pist\u00e9mologiques. A quelle \u00e9chelle faut-il travailler ? Quel niveau de description permet \u00e0 la fois de conserver l&rsquo;essentiel des \u00e9l\u00e9ments d&rsquo;un syst\u00e8me mais aussi d&rsquo;en exprimer les articulations ? Les potentiels points aveugles, inh\u00e9rents \u00e0 toute d\u00e9marche de mod\u00e9lisation, remettent-ils en cause la pertinence des analyses syst\u00e9miques ? Est-il l\u00e9gitime de chercher \u00e0 tout comprendre et \u00e0 tout mod\u00e9liser, ou doit-on limiter les sciences ? Comment la syst\u00e9mique peut aider \u00e0 la \u00e9clairer les d\u00e9cisions ? Plus g\u00e9n\u00e9ralement, qu&rsquo;est-ce qui rel\u00e8ve de la connaissance et qu&rsquo;est-ce qui rel\u00e8ve de la d\u00e9cision collective ?<\/p>\n\n\n\n<h2 class=\"has-text-color wp-block-heading\" style=\"color:#62c4dd\">Intervenants<\/h2>\n\n\n\n<ul class=\"wp-block-list\"><li>Pierre-Yves Longaretti, chercheur CNRS, \u00e9quipe STEEP INRIA\/LJK;<\/li><\/ul>\n\n\n\n<ul class=\"wp-block-list\"><li>Aina Rasoldier, doctorant, \u00e9quipe SPADES INRIA\/LIG;<\/li><\/ul>\n\n\n\n<ul class=\"wp-block-list\"><li>Jacques Combaz, ing\u00e9nieur de recherche CNRS, \u00e9quipe DCS, laboratoire VERIMAG;<\/li><\/ul>\n\n\n\n<ul class=\"wp-block-list\"><li>Olivier Vidal, directeur de recherche CNRS, laboratoire ISTerre, Universit\u00e9 Grenoble Alpes<\/li><\/ul>\n\n\n\n<h2 class=\"has-text-color wp-block-heading\" style=\"color:#62c4dd\">Animateur<\/h2>\n\n\n\n<ul class=\"wp-block-list\"><li>Peter Sturm, directeur de recherche, \u00e9quipe STEEP INRIA\/LJK<\/li><\/ul>\n\n\n\n<h2 class=\"has-text-color wp-block-heading\" style=\"color:#62c4dd\">Organisation<\/h2>\n\n\n\n<ul class=\"wp-block-list\"><li><strong>coordinateur : <\/strong>Jacques Combaz<\/li><\/ul>\n\n\n\n<ul class=\"wp-block-list\"><li><strong>r\u00e9f\u00e9rent : <\/strong>Jean-Michel Hup\u00e9<\/li><\/ul>\n\n\n\n<h2 class=\"has-text-color wp-block-heading\" style=\"color:#62c4dd\">Coauteurs<\/h2>\n\n\n\n<ul class=\"wp-block-list\"><li>Camille Besombes, institut Pasteur;<\/li><li>Louis Delannoy, doctorant, \u00e9quipe STEEP INRIA\/LJK;<\/li><li>Alain Girault, directeur de recherche, \u00e9quipe SPADES INRIA\/LIG;<\/li><li>Kevin Marquet, laboratoire CIT INRIA &#8211; INSA Lyon;<\/li><li>Sophie Quinton, charg\u00e9e de recherche, \u00e9quipe SPADES INRIA\/LIG;<\/li><\/ul>\n\n\n\n<p><\/p>","protected":false},"excerpt":{"rendered":"<p>Symposium M\u00e9thodologies pour la syst\u00e9mique R\u00e9sum\u00e9 La recherche scientifique n&rsquo;\u00e9chappe pas \u00e0 la logique de la division du travail. Cette derni\u00e8re tend \u00e0 condamner le chercheur \u00e0 l&rsquo;ultra-sp\u00e9cialisation, et participe au cloisonnement disciplinaire. Par ailleurs, le r\u00e9ductionnisme, qui domine la pens\u00e9e scientifique et dont on conna\u00eet les succ\u00e8s notamment en\u2026<\/p>\n<p> <a class=\"continue-reading-link\" href=\"https:\/\/archipel.inria.fr\/fr\/programme-2022\/symposium-methodologies-pour-la-systemique\/\"><span>Continue reading<\/span><i class=\"crycon-right-dir\"><\/i><\/a> <\/p>\n","protected":false},"author":320,"featured_media":0,"parent":351,"menu_order":0,"comment_status":"closed","ping_status":"closed","template":"","meta":{"footnotes":""},"class_list":["post-527","page","type-page","status-publish","hentry"],"_links":{"self":[{"href":"https:\/\/archipel.inria.fr\/fr\/wp-json\/wp\/v2\/pages\/527","targetHints":{"allow":["GET"]}}],"collection":[{"href":"https:\/\/archipel.inria.fr\/fr\/wp-json\/wp\/v2\/pages"}],"about":[{"href":"https:\/\/archipel.inria.fr\/fr\/wp-json\/wp\/v2\/types\/page"}],"author":[{"embeddable":true,"href":"https:\/\/archipel.inria.fr\/fr\/wp-json\/wp\/v2\/users\/320"}],"replies":[{"embeddable":true,"href":"https:\/\/archipel.inria.fr\/fr\/wp-json\/wp\/v2\/comments?post=527"}],"version-history":[{"count":1,"href":"https:\/\/archipel.inria.fr\/fr\/wp-json\/wp\/v2\/pages\/527\/revisions"}],"predecessor-version":[{"id":1338,"href":"https:\/\/archipel.inria.fr\/fr\/wp-json\/wp\/v2\/pages\/527\/revisions\/1338"}],"up":[{"embeddable":true,"href":"https:\/\/archipel.inria.fr\/fr\/wp-json\/wp\/v2\/pages\/351"}],"wp:attachment":[{"href":"https:\/\/archipel.inria.fr\/fr\/wp-json\/wp\/v2\/media?parent=527"}],"curies":[{"name":"wp","href":"https:\/\/api.w.org\/{rel}","templated":true}]}}